{"id":1827,"date":"2025-04-04T15:51:29","date_gmt":"2025-04-04T19:51:29","guid":{"rendered":"https:\/\/www.healthcharities.ca\/?page_id=1827"},"modified":"2025-04-16T15:09:08","modified_gmt":"2025-04-16T19:09:08","slug":"ccobs-nosplusbrillantsexploits","status":"publish","type":"page","link":"https:\/\/www.healthcharities.ca\/fr\/ccobs-nosplusbrillantsexploits\/","title":{"rendered":"CCOBS #NosPlusBrillantsExploits"},"content":{"rendered":"\n<div class=\"wp-block-group is-style-thin has-theme-primary-background-color has-background is-layout-constrained wp-container-core-group-is-layout-e82eaa03 wp-block-group-is-layout-constrained\">\n<p><strong>NOUS PROT\u00c9GEONS L\u2019ACC\u00c8S POUR TOUS LES CANADIENS ET FAISONS AVANCER L\u2019H\u00c9RITAGE DE NOTRE PAYS EN MATI\u00c8RE DE SANT\u00c9<\/strong><\/p>\n\n\n\n<p>Nous sommes tr\u00e8s fiers de notre syst\u00e8me de sant\u00e9 national, de nos d\u00e9couvertes d\u2019avant-garde et de notre acc\u00e8s universel. En investissant dans la recherche et l\u2019innovation en mati\u00e8re de sant\u00e9, nous pourrons assurer notre position de chef de file scientifique et une meilleure sant\u00e9 pour tous \u00e0 un moment o\u00f9 l\u2019identit\u00e9, les valeurs et la place du Canada dans le monde sont publiquement d\u00e9fi\u00e9es.<\/p>\n<\/div>\n\n\n\n<div class=\"wp-block-group is-style-thin has-theme-red-background-color has-background is-layout-constrained wp-block-group-is-layout-constrained\">\n<div class=\"wp-block-eup-blocks-cards cards--wrapper is-grid graphic-image orientation-vertical alignment-left design-flat size-small\"><div class=\"cards--inner\">\n<div class=\"wp-block-eup-blocks-card card--wrapper\"><div class=\"card-header\"><div class=\"card-header--text\"><div class=\"card-title\">TOUS LES CANADIENS M\u00c9RITENT DES SOINS DE CLASSE MONDIALE. INVESTIR REND CELA POSSIBLE.<\/div><\/div><\/div><div class=\"card-content\"><div class=\"card-desc\"><br>Toutes les am\u00e9liorations en sant\u00e9 proviennent d\u2019investissements dans la science,<strong> <\/strong>l\u2019innovation et les gens.<strong> <\/strong>Pour que le syst\u00e8me de sant\u00e9 soit pr\u00eat pour demain, nous devons investir aujourd\u2019hui.<\/div><\/div><\/div>\n\n\n\n<div class=\"wp-block-eup-blocks-card card--wrapper\"><div class=\"card-header\"><div class=\"card-header--text\"><div class=\"card-title\">NOUS SOMMES UNE NATION D\u2019INNOVATEURS EN SANT\u00c9&nbsp;\u2013 NOTRE PROCHAINE D\u00c9COUVERTE COMMENCE ICI.<\/div><\/div><\/div><div class=\"card-content\"><div class=\"card-desc\"><br>Il est temps d\u2019investir dans la prochaine vague de perc\u00e9es m\u00e9dicales et d\u2019assurer que le Canada demeure un chef de file mondial en mati\u00e8re d\u2019innovation en sant\u00e9.<\/div><\/div><\/div>\n\n\n\n<div class=\"wp-block-eup-blocks-card card--wrapper\"><div class=\"card-header\"><div class=\"card-header--text\"><div class=\"card-title\">LES MEILLEURS SOINS COMMENCENT PAR LA MEILLEURE SCIENCE. INVESTISSONS DANS NOTRE AVENIR.<\/div><\/div><\/div><div class=\"card-content\"><div class=\"card-desc\">Tous les traitements qui sauvent des vies exigent des ann\u00e9es de recherche. La prochaine perc\u00e9e d\u00e9pend des investissements que nous faisons maintenant.<\/div><\/div><\/div>\n<\/div><\/div>\n<\/div>\n\n\n\n<div class=\"wp-block-group is-style-thin has-theme-primary-background-color has-background is-layout-constrained wp-block-group-is-layout-constrained\">\n<h3 class=\"wp-block-heading\">Histoire de patients<\/h3>\n\n\n\n<div class=\"wp-block-eup-blocks-cards cards--wrapper is-grid graphic-logo orientation-vertical alignment-left design-flat size-medium\"><div class=\"cards--inner\">\n<div class=\"wp-block-eup-blocks-card card--wrapper\"><div class=\"card-header\"><div class=\"card-image--wrapper\"><img decoding=\"async\" class=\"card-image\" src=\"https:\/\/www.healthcharities.ca\/wp-content\/uploads\/2025\/04\/tucker-min-web-scaled.jpg\" alt=\"\" data-id=\"1771\"\/><\/div><div class=\"card-header--text\"><div class=\"card-title\">Tucker Bottomley, Halifax, Nouvelle-\u00c9cosse<\/div><\/div><\/div><div class=\"card-content\"><div class=\"card-desc\">Tucker a commenc\u00e9 \u00e0 ressentir les sympt\u00f4mes d\u00e9bilitants de la polyarthrite rhumato\u00efde \u00e0 l\u2019\u00e2ge de 21 ans : enflure grave, douleurs insoutenables et fatigue continue. Il a fallu deux ans, apr\u00e8s l\u2019aggravation des sympt\u00f4mes et un deuxi\u00e8me test sanguin, pour que Tucker re\u00e7oive enfin le diagnostic qu\u2019il attendait d\u00e9sesp\u00e9r\u00e9ment.<br><br>\u00ab Le d\u00e9lai entre le d\u00e9but de la douleur et le diagnostic a \u00e9t\u00e9 bien trop long. Le syst\u00e8me de sant\u00e9 doit \u00eatre plus r\u00e9actif et \u00e0 l\u2019\u00e9coute des patients, et les patients doivent participer \u00e0 cette transformation. \u00bb<\/div><\/div><\/div>\n\n\n\n<div class=\"wp-block-eup-blocks-card card--wrapper\"><div class=\"card-header\"><div class=\"card-image--wrapper\"><img decoding=\"async\" class=\"card-image\" src=\"https:\/\/www.healthcharities.ca\/wp-content\/uploads\/2025\/04\/thomasclaireallen-web-scaled.jpg\" alt=\"\" data-id=\"1759\"\/><\/div><div class=\"card-header--text\"><div class=\"card-title\">Thomas Allen, qui vit avec la SLA<\/div><\/div><\/div><div class=\"card-content\"><div class=\"card-desc\">\u00ab La SLA bouleverse la vie non seulement des patients mais aussi des familles enti\u00e8res. Au moment du terrible diagnostic, ma femme m\u2019a dit \u201dOn vient de nous dire que NOUS avons la SLA\u201d. Comment continuer de vivre au-del\u00e0 de cette horrible maladie est probablement le plus grand d\u00e9fi auquel toute la famille est confront\u00e9e. Il faut absolument continuer d\u2019investir dans la recherche en sant\u00e9 pour trouver un rem\u00e8de. \u00bb<\/div><\/div><\/div>\n\n\n\n<div class=\"wp-block-eup-blocks-card card--wrapper\"><div class=\"card-header\"><div class=\"card-image--wrapper\"><img decoding=\"async\" class=\"card-image\" src=\"https:\/\/www.healthcharities.ca\/wp-content\/uploads\/2025\/04\/Jaqueline-Murdoch-web.jpg\" alt=\"\" data-id=\"1774\"\/><\/div><div class=\"card-header--text\"><div class=\"card-title\">Jaqueline, diagnostiqu\u00e9 avec de l\u2019asthme<\/div><\/div><\/div><div class=\"card-content\"><div class=\"card-desc\">Le parcours d\u2019asthme de Jaqueline a commenc\u00e9 par une toux chronique incessante. Voulant des r\u00e9ponses, elle a consult\u00e9 son m\u00e9decin et a subi une spirom\u00e9trie, puis a finalement re\u00e7u son diagnostic. La gestion de l\u2019asthme est un d\u00e9fi de tous les jours, mais Jaqueline est tr\u00e8s proactive. Elle a essay\u00e9 plusieurs m\u00e9dicaments, elle prend des antihistaminiques pour g\u00e9rer ses allergies et elle reste \u00e0 l\u2019aff\u00fbt de ses facteurs d\u00e9clencheurs. Elle surveille de pr\u00e8s la qualit\u00e9 de l\u2019air et respire beaucoup mieux loin des zones urbaines. Comme elle le dit souvent, \u00ab Nous sommes tous conscients qu\u2019il faut boire de l\u2019eau propre, mais nous commen\u00e7ons \u00e0 peine \u00e0 comprendre qu\u2019il faut aussi respirer de l\u2019air propre \u00bb.<br><br>Jaqueline m\u00e8ne une vie tr\u00e8s active, donnant des cours de conditionnement physique et travaillant comme entra\u00eeneuse personnelle. \u00ab Je veux vivre le plus normalement possible \u00bb, dit-elle pour expliquer sa d\u00e9termination \u00e0 ne pas laisser l\u2019asthme contr\u00f4ler sa vie. Elle g\u00e8re son asthme non seulement par la m\u00e9dication, mais aussi en surveillant son alimentation, en faisant r\u00e9guli\u00e8rement de l\u2019exercice et en \u00e9vitant strictement les d\u00e9clencheurs environnementaux.<br><\/div><\/div><\/div>\n\n\n\n<div class=\"wp-block-eup-blocks-card card--wrapper\"><div class=\"card-header\"><div class=\"card-image--wrapper\"><img decoding=\"async\" class=\"card-image\" src=\"https:\/\/www.healthcharities.ca\/wp-content\/uploads\/2025\/04\/Mackett-web.jpg\" alt=\"\" data-id=\"1776\"\/><\/div><div class=\"card-header--text\"><div class=\"card-title\">Katharine Mackett, militant \u00e0 Diab\u00e8te Canada vivant avec le diab\u00e8te de type 1,Ontario<\/div><\/div><\/div><div class=\"card-content\"><div class=\"card-desc\">\u00ab Je vis avec le diab\u00e8te de type 1 depuis plus de 20 ans et j\u2019ai \u00e9t\u00e9 t\u00e9moin de perc\u00e9es technologiques incroyables dans la gestion de cette maladie. Apr\u00e8s avoir utilis\u00e9 un appareil de surveillance du glucose en continu pendant quelques mois, mon taux d\u2019HbA1c a diminu\u00e9 de 1,5 %. Visualiser les tendances et pr\u00e9visions en mati\u00e8re de glucose m\u2019a aid\u00e9e \u00e0 g\u00e9rer le risque d\u2019une hyperglyc\u00e9mie ou d\u2019une hypoglyc\u00e9mie. Comme je ne ressens pas toujours les signes d\u2019hyperglyc\u00e9mie, je me demande souvent quels dommages peut causer l\u2019hyperglyc\u00e9mie au fil du temps, et si cela entra\u00eenera des complications en vieillissant. \u00bb<br><br>\u00ab Les crit\u00e8res d\u2019admissibilit\u00e9 en Ontario en ce qui concerne les syst\u00e8mes de surveillance du glucose en continu sont encore restrictifs. Beaucoup de gens comme moi qui n\u2019ont pas une assurance priv\u00e9e ad\u00e9quate gr\u00e2ce \u00e0 leur emploi ou leurs \u00e9tudes doivent payer eux-m\u00eames des milliers de dollars chaque ann\u00e9e. \u00bb<br><br>\u00ab Le Canada est le berceau de l\u2019insuline, qui est tout \u00e0 fait vitale. Mais bien qu\u2019elle aide \u00e0 g\u00e9rer la maladie, elle ne peut pas inverser les dommages caus\u00e9s par le diab\u00e8te. Pour moi, recevoir du soutien du gouvernement signifie avoir des choix et un acc\u00e8s \u00e9quitable \u00e0 la technologie la plus r\u00e9cente qui nous donne la chance de vivre plus longtemps et en meilleure sant\u00e9 tout en \u00e9vitant les h\u00f4pitaux d\u00e9bord\u00e9s. \u00bb<br><\/div><\/div><\/div>\n\n\n\n<div class=\"wp-block-eup-blocks-card card--wrapper\"><div class=\"card-header\"><div class=\"card-image--wrapper\"><img decoding=\"async\" class=\"card-image\" src=\"https:\/\/www.healthcharities.ca\/wp-content\/uploads\/2025\/04\/J-Storring-web.jpg\" alt=\"\" data-id=\"1778\"\/><\/div><div class=\"card-header--text\"><div class=\"card-title\">Jeremy Storring, militant \u00e0 Diab\u00e8te Canada vivant avec le diab\u00e8te de type 1, Saskatchewan<\/div><\/div><\/div><div class=\"card-content\"><div class=\"card-desc\">\u00ab Vivre avec le diab\u00e8te peut \u00eatre \u00e9puisant, mentalement et financi\u00e8rement. Au Canada, il n\u2019y a pas de normes uniformes parmi les provinces pour all\u00e9ger ce fardeau. Une couverture universelle partout au pays permettrait de r\u00e9duire les co\u00fbts de gestion du diab\u00e8te, de diminuer le risque de complications li\u00e9es au diab\u00e8te et d\u2019am\u00e9liorer la qualit\u00e9 de vie de millions de personnes. Je vis avec le diab\u00e8te de type 1 depuis 13 ans et j\u2019utilise des pompes \u00e0 insuline et des moniteurs de glucose en continu depuis 5 ans. Je me souviens qu\u2019en grandissant, ma plus grande crainte \u00e9tait de savoir comment j\u2019allais pouvoir assumer les co\u00fbts de vivre avec le diab\u00e8te. J\u2019avais d\u00e9j\u00e0 compris que cette maladie allait \u00eatre tr\u00e8s co\u00fbteuse. Depuis que j\u2019ai acc\u00e8s \u00e0 la technologie de gestion du diab\u00e8te, j\u2019ai ramen\u00e9 ma glyc\u00e9mie moyenne \u00e0 celle d\u2019une personne non diab\u00e9tique, je n\u2019ai pas eu \u00e0 aller \u00e0 l\u2019urgence et j\u2019ai consid\u00e9rablement r\u00e9duit mon risque de complications. \u00bb<\/div><\/div><\/div>\n\n\n\n<div class=\"wp-block-eup-blocks-card card--wrapper\"><div class=\"card-header\"><div class=\"card-image--wrapper\"><img decoding=\"async\" class=\"card-image\" src=\"https:\/\/www.healthcharities.ca\/wp-content\/uploads\/2025\/04\/Tiffany-Eichhorst.jpg\" alt=\"\" data-id=\"1888\"\/><\/div><div class=\"card-header--text\"><div class=\"card-title\">Tiffany Eichhorst, personne qui vit avec des migraines<\/div><\/div><\/div><div class=\"card-content\"><div class=\"card-desc\">Les r\u00e9percussions d\u2019une couverture insuffisante<br><br>Qui nous d\u00e9fend si la province ne le fait pas?<br>Je fais des migraines chroniques depuis la majeure partie de ma vie adulte. Je suis une femme de 57 ans et je suis en cong\u00e9 d\u2019invalidit\u00e9 de longue dur\u00e9e depuis 2020 pour cette raison. J\u2019\u00e9tais infirmi\u00e8re et j\u2019ai d\u00fb quitter pour la retraite 10 ans plus t\u00f4t que pr\u00e9vu, au plus fort de la pand\u00e9mie.<br>C\u2019est \u00e0 peu pr\u00e8s \u00e0 ce moment que des m\u00e9dicaments sont arriv\u00e9s sur le march\u00e9 sp\u00e9cifiquement pour traiter la migraine, parce qu\u2019avant, les migraineux devaient utiliser des m\u00e9dicaments con\u00e7us pour d\u2019autres maladies. C\u2019\u00e9tait comme pr\u00eater \u00e0 un fr\u00e8re les vieux v\u00eatements de sa s\u0153ur \u2013 c\u2019est bien, mais \u00e7a ne fonctionne pas. Mais les effets secondaires, si on peut les imaginer, \u00e9taient parfois pires que la migraine elle-m\u00eame. Les gens comme moi se sentaient impuissants face \u00e0 ces crises en boucles sans fin, sans solution pour soulager la douleur et limiter l\u2019impact sur notre vie et celle de nos proches.<br>La carotte nous pend au bout du nez avec le Botox th\u00e9rapeutique, le CGRP, l\u2019ubrogepant, etc., qui sont maintenant une r\u00e9elle option pour r\u00e9duire l\u2019acuit\u00e9 de la douleur et l\u2019occurrence et, pour certaines personnes, mener vers la r\u00e9mission.<br>J\u2019habite en Colombie-Britannique, et comprendre le formulaire des m\u00e9dicaments a \u00e9t\u00e9 comme traverser un champ de mines de d\u00e9tresse \u00e9motionnelle et d\u2019instabilit\u00e9 financi\u00e8re.<br>La Colombie-Britannique remet continuellement en question la capacit\u00e9 des m\u00e9decins d\u2019aider leurs patients, avec d\u2019interminables modalit\u00e9s entourant les autorisations sp\u00e9ciales qui sont souvent refus\u00e9es, alourdissant la t\u00e2che des praticiens en raison de la paperasserie inutile \u00e0 remplir pour les appels et les documents \u00e0 envoyer au pharmacien en chef de la province.<br>J\u2019ai atteint le maximum du programme \u00ab de compassion \u00bb, ayant essuy\u00e9 de nombreux refus des compagnies pharmaceutiques.<br>En tant qu\u2019infirmi\u00e8re ayant d\u2019excellents avantages sociaux et dont le conjoint est un ancien combattant qui travaille pour le gouvernement f\u00e9d\u00e9ral depuis plus de 35 ans, on pourrait penser que nous b\u00e9n\u00e9ficions d\u2019un soutien acceptable. J\u2019ai chang\u00e9 mes habitudes de vie et abandonn\u00e9 ma carri\u00e8re \u2013 je ne peux pas faire grand-chose de plus pour contr\u00f4ler les crises. Je ne souffre pas de migraines parce que je ne fais pas les bonnes choses; je suis atteinte d\u2019une maladie neurologique complexe.<\/div><\/div><\/div>\n<\/div><\/div>\n<\/div>\n\n\n\n<div class=\"wp-block-group is-style-thin has-theme-dark-background-color has-background is-layout-constrained wp-block-group-is-layout-constrained\">\n<h3 class=\"wp-block-heading\"><strong>Comment faire entendre votre voix lors d\u2019une \u00e9lection<\/strong><\/h3>\n\n\n\n<p>Faites compter votre voix aux prochaines \u00e9lections. Les gens qui vivent avec une maladie ou un probl\u00e8me de sant\u00e9 et leurs aidants ont une perspective unique sur les politiques et programmes qui visent \u00e0 favoriser la sant\u00e9 dans notre pays. Il y a plusieurs fa\u00e7ons de prendre part \u00e0 une campagne \u00e9lectorale. Nous vous encourageons \u00e0 trouver la fa\u00e7on de participer qui vous convient le mieux.<\/p>\n<\/div>\n\n\n\n<div class=\"wp-block-group has-theme-primary-background-color has-background is-layout-constrained wp-block-group-is-layout-constrained\">\n<h3 class=\"wp-block-heading\">Racontez votre histoire<\/h3>\n\n\n\n<p>Raconter votre histoire est une bonne fa\u00e7on d\u2019entra\u00eener le changement. Vous avez un v\u00e9cu particulier, et votre histoire permet de mieux comprendre comment les choses se passent dans le syst\u00e8me de sant\u00e9 \u2013 elle peut inspirer, remettre en question certaines pr\u00e9somptions et inciter le changement. Votre t\u00e9moignage permettra aux d\u00e9cideurs de mieux comprendre l\u2019impact que des changements peuvent avoir sur vous et la collectivit\u00e9, et pourquoi des investissements dans le r\u00e9seau de la sant\u00e9 et dans la recherche sont si importants.<\/p>\n\n\n\n<h4 class=\"wp-block-heading\"><strong>Voici quelques fa\u00e7ons de faire conna\u00eetre votre histoire<\/strong> <strong>:<\/strong><\/h4>\n\n\n\n<div class=\"wp-block-columns is-layout-flex wp-container-core-columns-is-layout-9d6595d7 wp-block-columns-is-layout-flex\">\n<div class=\"wp-block-column has-theme-red-background-color has-background is-layout-flow wp-block-column-is-layout-flow\">\n<p class=\"has-text-align-left\">Communiquez avec votre organisme de soutien ou groupe de d\u00e9fense des patients pour savoir comment prendre part aux activit\u00e9s militantes.<\/p>\n<\/div>\n\n\n\n<div class=\"wp-block-column has-theme-red-background-color has-background is-layout-flow wp-block-column-is-layout-flow\">\n<p class=\"has-text-align-left\">R\u00e9digez un article d\u2019opinion pour un journal local afin d\u2019attirer l\u2019attention sur les questions qui vous tiennent \u00e0 c\u0153ur et qui ont une incidence sur vous et votre famille.<\/p>\n<\/div>\n<\/div>\n\n\n\n<div class=\"wp-block-columns is-layout-flex wp-container-core-columns-is-layout-9d6595d7 wp-block-columns-is-layout-flex\">\n<div class=\"wp-block-column has-theme-red-background-color has-background is-layout-flow wp-block-column-is-layout-flow\">\n<p>Amorcez la discussion \u2013 cr\u00e9ez un milieu s\u00e9curitaire et non partisan pour permettre aux gens de raconter leur histoire en pr\u00e9sentant d\u2019abord la v\u00f4tre et en encourageant les autres \u00e0 parler de leurs exp\u00e9riences.<\/p>\n<\/div>\n\n\n\n<div class=\"wp-block-column has-theme-red-background-color has-background is-layout-flow wp-block-column-is-layout-flow\">\n<p>Assistez aux assembl\u00e9es municipales et aux d\u00e9bats de candidats dans votre r\u00e9gion. Profitez de ces occasions pour informer les candidats de votre situation et leur demander comment ils entendent soutenir votre cause et apporter les changements n\u00e9cessaires.<\/p>\n<\/div>\n<\/div>\n\n\n\n<div class=\"wp-block-columns is-layout-flex wp-container-core-columns-is-layout-9d6595d7 wp-block-columns-is-layout-flex\">\n<div class=\"wp-block-column has-theme-red-background-color has-background is-layout-flow wp-block-column-is-layout-flow\">\n<p>Diffusez des messages cl\u00e9s dans vos r\u00e9seaux sociaux. Utilisez des mots-clics, commentez les discussions au sujet de politiques et assurez-vous que l\u2019information sur les soins de sant\u00e9 que vous relayez est fiable.<\/p>\n<\/div>\n<\/div>\n<\/div>\n\n\n\n<div class=\"wp-block-group is-style-thin has-theme-dark-background-color has-background is-layout-constrained wp-block-group-is-layout-constrained\">\n<h3 class=\"wp-block-heading\">Exercez votre droit de vote<\/h3>\n\n\n\n<p>Chaque vote compte lors d\u2019une \u00e9lection. Assurez-vous d\u2019\u00eatre inscrit(e) et de participer le jour de l\u2019\u00e9lection. Encouragez vos amis et vos proches \u00e0 voter \u00e9galement. Pour consulter l\u2019information la plus r\u00e9cente sur l\u2019inscription, votre circonscription, les candidats et votre bureau d\u2019\u00c9lections Canada, rendez-vous \u00e0 l\u2019adresse <a href=\"https:\/\/www.elections.ca\" target=\"_blank\" rel=\"noopener\">https:\/\/www.elections.ca<\/a>.<\/p>\n<\/div>\n\n\n\n<div class=\"wp-block-group has-theme-primary-background-color has-background is-layout-constrained wp-block-group-is-layout-constrained\">\n<h3 class=\"wp-block-heading\">Allez \u00e0 la rencontre des candidats<\/h3>\n\n\n\n<p>Tout au long de la campagne \u00e9lectorale, les occasions de rencontrer les candidats et de leur faire part de vos pr\u00e9occupations sont nombreuses. Assurez-vous de leur faire part des enjeux qui sont importants pour vous et vos proches, et n\u2019h\u00e9sitez pas \u00e0 leur demander ce qu\u2019ils entendent faire pour faire avancer les causes qui vous pr\u00e9occupent. Il y a plusieurs fa\u00e7ons d\u2019aller \u00e0 la rencontre des candidats, par exemple lorsqu\u2019ils font du porte-\u00e0-porte ou lors d\u2019\u00e9v\u00e9nements communautaires, de d\u00e9bats ou d\u2019assembl\u00e9es publiques. Vous pouvez \u00e9galement leur envoyer un courriel ou une lettre pour leur faire part de vos pr\u00e9occupations.<\/p>\n\n\n\n<h4 class=\"wp-block-heading\"><strong>Posez des questions aux candidats<\/strong> :<\/h4>\n\n\n\n<div class=\"wp-block-columns is-layout-flex wp-container-core-columns-is-layout-9d6595d7 wp-block-columns-is-layout-flex\">\n<div class=\"wp-block-column has-theme-dark-background-color has-background is-layout-flow wp-block-column-is-layout-flow\">\n<p>Les personnes qui ont ou ont eu recours au syst\u00e8me de sant\u00e9 ont un point de vue unique sur les d\u00e9fis et occasions \u00e0 saisir dans ce domaine. Comment allez-vous vous assurer d\u2019int\u00e9grer la voix des patients dans toutes les facettes de l\u2019\u00e9laboration des politiques, des proc\u00e9dures et des r\u00e8glements qui visent les soins de sant\u00e9 au pays?<\/p>\n<\/div>\n<\/div>\n\n\n\n<div class=\"wp-block-columns is-layout-flex wp-container-core-columns-is-layout-9d6595d7 wp-block-columns-is-layout-flex\">\n<div class=\"wp-block-column has-theme-dark-background-color has-background is-layout-flow wp-block-column-is-layout-flow\">\n<p>Il y a au Canada des types de m\u00e9dicaments qui sauvent des vies mais qui sont parfois tr\u00e8s co\u00fbteux. Comment allez-vous vous assurer que les Canadiens ont acc\u00e8s aux m\u00e9dicaments dont ils ont besoin, et qu\u2019ils peuvent se les payer?<\/p>\n<\/div>\n<\/div>\n\n\n\n<div class=\"wp-block-columns is-layout-flex wp-container-core-columns-is-layout-9d6595d7 wp-block-columns-is-layout-flex\">\n<div class=\"wp-block-column has-theme-dark-background-color has-background is-layout-flow wp-block-column-is-layout-flow\">\n<p>Les Canadiens sont confront\u00e9s \u00e0 des obstacles qui nuisent \u00e0 l\u2019acc\u00e8s aux soins de sant\u00e9, comme de longs d\u00e9lais d\u2019attente pour consulter un sp\u00e9cialiste ou passer des tests ou les difficult\u00e9s rencontr\u00e9es lorsqu\u2019on d\u00e9m\u00e9nage d\u2019une province \u00e0 une autre. Selon vous, quel r\u00f4le le gouvernement f\u00e9d\u00e9ral pourrait-il jouer pour r\u00e9duire les obstacles \u00e0 l\u2019acc\u00e8s aux soins pour les Canadiens?<\/p>\n<\/div>\n<\/div>\n\n\n\n<div class=\"wp-block-columns is-layout-flex wp-container-core-columns-is-layout-9d6595d7 wp-block-columns-is-layout-flex\">\n<div class=\"wp-block-column has-theme-dark-background-color has-background is-layout-flow wp-block-column-is-layout-flow\">\n<p>Tous les traitements qui sauvent des vies exigent des ann\u00e9es de recherche. Comment votre gouvernement veillera-t-il \u00e0 ce que la recherche et l\u2019innovation au pays soient financ\u00e9es de fa\u00e7on ad\u00e9quate?<\/p>\n<\/div>\n<\/div>\n\n\n\n<div class=\"wp-block-columns is-layout-flex wp-container-core-columns-is-layout-9d6595d7 wp-block-columns-is-layout-flex\">\n<div class=\"wp-block-column has-theme-dark-background-color has-background is-layout-flow wp-block-column-is-layout-flow\">\n<p>Les organismes de bienfaisance en sant\u00e9 jouent un r\u00f4le cl\u00e9 dans notre soci\u00e9t\u00e9, en recueillant des fonds pour la recherche et en fournissant du soutien et de l\u2019information aux personnes qui vivent avec une maladie. Comment votre gouvernement pr\u00e9voit-il soutenir et financer les organismes de bienfaisance en sant\u00e9 du Canada pour leur permettre de poursuivre leur travail?<\/p>\n<\/div>\n<\/div>\n\n\n\n<div class=\"wp-block-columns is-layout-flex wp-container-core-columns-is-layout-9d6595d7 wp-block-columns-is-layout-flex\">\n<div class=\"wp-block-column has-theme-dark-background-color has-background is-layout-flow wp-block-column-is-layout-flow\">\n<p>De meilleures donn\u00e9es favorisent de meilleures d\u00e9cisions et, par cons\u00e9quent, am\u00e9liorent la sant\u00e9 des Canadiens. Quelle est la vision de votre parti en ce qui concerne la collecte et la diffusion des donn\u00e9es sur la sant\u00e9 et leur utilisation dans la prise de d\u00e9cisions partout au pays?<\/p>\n<\/div>\n<\/div>\n<\/div>\n","protected":false},"excerpt":{"rendered":"<p>NOUS PROT\u00c9GEONS L\u2019ACC\u00c8S POUR TOUS LES CANADIENS ET FAISONS AVANCER L\u2019H\u00c9RITAGE DE NOTRE PAYS EN MATI\u00c8RE DE SANT\u00c9 Nous sommes tr\u00e8s fiers de notre syst\u00e8me de sant\u00e9 national, de nos d\u00e9couvertes d\u2019avant-garde et de notre acc\u00e8s universel. En investissant dans la recherche et l\u2019innovation en mati\u00e8re de sant\u00e9, nous pourrons assurer notre position de chef [&hellip;]<\/p>\n","protected":false},"author":1,"featured_media":0,"parent":0,"menu_order":0,"comment_status":"closed","ping_status":"closed","template":"","meta":{"_acf_changed":false,"footnotes":""},"class_list":["post-1827","page","type-page","status-publish","hentry"],"better_featured_image":null,"acf":[],"_links":{"self":[{"href":"https:\/\/www.healthcharities.ca\/fr\/wp-json\/wp\/v2\/pages\/1827","targetHints":{"allow":["GET"]}}],"collection":[{"href":"https:\/\/www.healthcharities.ca\/fr\/wp-json\/wp\/v2\/pages"}],"about":[{"href":"https:\/\/www.healthcharities.ca\/fr\/wp-json\/wp\/v2\/types\/page"}],"author":[{"embeddable":true,"href":"https:\/\/www.healthcharities.ca\/fr\/wp-json\/wp\/v2\/users\/1"}],"replies":[{"embeddable":true,"href":"https:\/\/www.healthcharities.ca\/fr\/wp-json\/wp\/v2\/comments?post=1827"}],"version-history":[{"count":13,"href":"https:\/\/www.healthcharities.ca\/fr\/wp-json\/wp\/v2\/pages\/1827\/revisions"}],"predecessor-version":[{"id":1891,"href":"https:\/\/www.healthcharities.ca\/fr\/wp-json\/wp\/v2\/pages\/1827\/revisions\/1891"}],"wp:attachment":[{"href":"https:\/\/www.healthcharities.ca\/fr\/wp-json\/wp\/v2\/media?parent=1827"}],"curies":[{"name":"wp","href":"https:\/\/api.w.org\/{rel}","templated":true}]}}